{"id":144,"date":"2019-10-07T20:51:54","date_gmt":"2019-10-07T20:51:54","guid":{"rendered":"https:\/\/franciscobruna.com\/v1\/?page_id=144"},"modified":"2019-10-17T22:35:03","modified_gmt":"2019-10-17T22:35:03","slug":"bio","status":"publish","type":"page","link":"https:\/\/franciscobruna.com\/v1\/bio\/","title":{"rendered":"Francisco Bruna Zalvidea (1981)"},"content":{"rendered":"\n<p>Licenciado\nen Artes Pl\u00e1sticas Universidad de Concepci\u00f3n\/ Mag\u00edster en Artes de la\nPontificia Universidad Cat\u00f3lica. <\/p>\n\n\n\n<p>Ha\nparticipado de variadas muestras, tanto individuales como colectivas, en diversos\ncontextos expositivos tales como: Museo de Bellas Artes, Matucana 100, Centro\nCultural las Condes, Galer\u00eda Bech, Feria Ch.ACO en tres versiones, Escuela de\nBellas Artes de Lima (Lima) , Kiehle Gallery (Minneapollis), Pinacoteca de la\nUDEC y Galer\u00eda Balmaceda Arte Joven B\u00edo B\u00edo. <\/p>\n\n\n\n<p>Ha sido\nacreedor de Fondos de Cultura en tres oportunidades, destac\u00e1ndose los proyectos\nde creaci\u00f3n art\u00edstica: \u201cNo hay lugar\u201d (2014) y \u201cEstar ah\u00ed\u201d (2017) y el\nfinanciamiento para realizar estudios de Mag\u00edster en la PUC (2008\/2009). Tambi\u00e9n\nen una oportunidad una Ventanilla abierta Nacional para realizar residencia en\nHangar (Centro de investigaci\u00f3n art\u00edstica), en Lisboa, Portugal (2019). <\/p>\n\n\n\n<p>Se ha\ndesempe\u00f1ado como artista visual y como docente en diversas Instituciones\nEducacionales en la zona hasta la actualidad, lo que le ha permitido tener un\nrol como formador de j\u00f3venes y ni\u00f1os en el arte contempor\u00e1neo a nivel nacional,\ntanto en el \u00e1mbito informal, escolar y universitario.<\/p>\n\n\n\n<p>Por otro\nlado, desde el a\u00f1o 2006 que ha venido realizando un trabajo sostenido desde la\ndisciplina de la pintura. En ella ha investigado el poder simb\u00f3lico de la\nimagen circulante, la fotograf\u00eda, y la precariedad como recurso material tanto\nen su elaboraci\u00f3n y en su dimensi\u00f3n pol\u00edtica, social y cultural. B\u00e1sicamente lo\nque busca con ello, es generar un campo reflexivo que a partir de la pintura\npueda abrirse a otros medios como el de la memoria, el territorio y lo ef\u00edmero.\nPara ello, utiliza ciertas operaciones u estrategias que le permiten movilizarse\ndentro del mismo campo pict\u00f3rico, desde lo m\u00e1s tradicional a desplazamientos\ntanto de los soportes, materiales utilizados o encontrados, y en el propio\nmontaje. Con ello, busca levantar y traer a colaci\u00f3n ciertas problem\u00e1ticas del\nmundo contempor\u00e1neo con un amplio sentido cr\u00edtico.<\/p>\n\n\n\n<p>Actualmente\ntrabaja en Concepci\u00f3n.<\/p>\n","protected":false},"excerpt":{"rendered":"<p>Licenciado en Artes Pl\u00e1sticas Universidad de Concepci\u00f3n\/ Mag\u00edster en Artes de la Pontificia Universidad Cat\u00f3lica. Ha participado de variadas muestras, tanto individuales como colectivas, en diversos contextos expositivos tales como: Museo de Bellas Artes, Matucana 100, Centro Cultural las Condes, Galer\u00eda Bech, Feria Ch.ACO en tres versiones, Escuela de Bellas Artes de Lima (Lima) , [&hellip;]<\/p>\n","protected":false},"author":1,"featured_media":168,"parent":0,"menu_order":0,"comment_status":"closed","ping_status":"closed","template":"","meta":{"_acf_changed":false,"footnotes":""},"class_list":["post-144","page","type-page","status-publish","has-post-thumbnail","hentry"],"acf":[],"_links":{"self":[{"href":"https:\/\/franciscobruna.com\/v1\/wp-json\/wp\/v2\/pages\/144","targetHints":{"allow":["GET"]}}],"collection":[{"href":"https:\/\/franciscobruna.com\/v1\/wp-json\/wp\/v2\/pages"}],"about":[{"href":"https:\/\/franciscobruna.com\/v1\/wp-json\/wp\/v2\/types\/page"}],"author":[{"embeddable":true,"href":"https:\/\/franciscobruna.com\/v1\/wp-json\/wp\/v2\/users\/1"}],"replies":[{"embeddable":true,"href":"https:\/\/franciscobruna.com\/v1\/wp-json\/wp\/v2\/comments?post=144"}],"version-history":[{"count":8,"href":"https:\/\/franciscobruna.com\/v1\/wp-json\/wp\/v2\/pages\/144\/revisions"}],"predecessor-version":[{"id":177,"href":"https:\/\/franciscobruna.com\/v1\/wp-json\/wp\/v2\/pages\/144\/revisions\/177"}],"wp:featuredmedia":[{"embeddable":true,"href":"https:\/\/franciscobruna.com\/v1\/wp-json\/wp\/v2\/media\/168"}],"wp:attachment":[{"href":"https:\/\/franciscobruna.com\/v1\/wp-json\/wp\/v2\/media?parent=144"}],"curies":[{"name":"wp","href":"https:\/\/api.w.org\/{rel}","templated":true}]}}